{"id":116,"date":"2020-12-10T12:22:20","date_gmt":"2020-12-10T10:22:20","guid":{"rendered":"http:\/\/uusi.umtt.fi\/mesmerize-pro\/"},"modified":"2026-07-31T11:16:52","modified_gmt":"2026-07-31T09:16:52","slug":"mesmerize-pro","status":"publish","type":"page","link":"https:\/\/uudenmaantyoterveys.fi\/sv\/","title":{"rendered":"Front Page"},"content":{"rendered":"<div  data-label=\"Overlappable\" data-id=\"overlappable--2\" data-export-id=\"overlappable-1\" data-category=\"overlappable\" class=\"overlappable-1 content-section content-section-spacing\" data-overlap=\"true\" id=\"overlappable-2\" style=\"background-color: rgb(255, 255, 255);\"><div  class=\"gridContainer\"> <div  data-type=\"row\" class=\"row shadow-medium\"><div  data-type=\"column\" class=\"col-xs-12 col-sm-4 flexcol bg-color2 col-padding col-padding-small-xs inverted col-md-4\"> <h5  class=\"inverted\">5.5.2026<\/h5> <p  class=\"\">Ty\u00f6ntekij\u00e4n Polku-palvelu nimi on muuttunut ja on jatkossa Uudenmaan OmaTy\u00f6terveys. Palvelun kautta on mahdollista saada my\u00f6s mm. l\u00e4\u00e4k\u00e4rin et\u00e4palveluita.<\/p> <\/div><div  data-type=\"column\" class=\"col-xs-12 col-sm-4 flexcol bg-color2 col-padding col-padding-small-xs inverted col-md-4\"> <h5  class=\"inverted\">12.3.2026<\/h5> <p  class=\"\">Ty\u00f6nantaja voi nyky\u00e4\u00e4n hakea kelakorvauksia my\u00f6s verkkokurssimuotoisista SPR:n ensiapukursseista, kun kurssit on kirjattu ty\u00f6terveyshuollon toimintasuunnitelmaan.<\/p> <\/div><div  data-type=\"column\" class=\"col-xs-12 col-sm-4 flexcol bg-color2 col-padding col-padding-small-xs inverted col-md-4\"> <h5  class=\"inverted\">31.7.2026<\/h5> <p  class=\"\">M\u00e4nts\u00e4l\u00e4n toimipaikkamme on muuttanut. M\u00e4nts\u00e4l\u00e4n toimipaikan uusi osoite 3.8.2026 alkaen on Karhukuja 1, 04600 M\u00e4nts\u00e4l\u00e4, 2. kerros.<a  data-mce-href=\"https:\/\/umtt.movendosplatform.com\/#login\" href=\"https:\/\/umtt.movendosplatform.com\/#login\" target=\"_self\" data-mce-selected=\"inline-boundary\" data-cp-link=\"1\" rel=\"noopener\" class=\"\"><\/a><\/p> <\/div>   <\/div><\/div> <\/div><div  data-label=\"Overlappable\" data-id=\"overlappable--3\" data-export-id=\"overlappable-1\" data-category=\"overlappable\" class=\"overlappable-1 content-section content-section-spacing content-relative\" data-overlap=\"true\" id=\"overlappable-3\" style=\"background-color: rgb(255, 255, 255); background-image: none;\"><div  class=\"section-separator-top\">\n    <svg  xmlns=\"http:\/\/www.w3.org\/2000\/svg\" viewBox=\"0 0 1000 100\" preserveAspectRatio=\"none\" data-separator-name=\"triangle\" class=\"section-separator-top\">\n\t<path  class=\"svg-white-bg\" d=\"M500,98.9L0,6.1V0h1000v6.1L500,98.9z\"><\/path>\n<\/svg>\n<\/div><div  class=\"gridContainer\"> <div  data-type=\"row\" class=\"row shadow-medium\"><div  data-type=\"column\" class=\"col-xs-12 col-sm-4 flexcol bg-color-white col-padding col-padding-small-xs col-md-3\">    <a  class=\"button big force-shadow color-black outline\" href=\"https:\/\/uudenmaantyoterveys.fi\/ajanvaraus-ja-asiakaspalvelu\" target=\"_blank\" data-cp-link=\"1\" data-icon=\"\" rel=\"noopener\">ASIAKASPALVELU JA AJANVARAUS<\/a><\/div> <div  data-type=\"column\" class=\"col-xs-12 col-sm-4 flexcol bg-color2 col-padding col-padding-small-xs inverted col-md-3\">   <a  class=\"button inverted big force-shadow color-black outline\" href=\"https:\/\/umtt.movendosplatform.com\" target=\"_self\" data-cp-link=\"1\" data-icon=\"\" rel=\"noopener\">Uudenmaan OmaTy\u00f6terveys<\/a><\/div> <div  data-type=\"column\" class=\"col-xs-12 col-sm-4 flexcol bg-color6 col-padding col-padding-small-xs inverted col-md-3\">   <a  class=\"button big force-shadow color-black outline\" href=\"https:\/\/umtt.extranet.movendos.com\" target=\"_self\" data-cp-link=\"1\" data-icon=\"\" rel=\"noopener\">SUUNTA (ty\u00f6nantajan extranet)<\/a><\/div> <div  data-type=\"column\" class=\"col-xs-12 col-sm-4 flexcol bg-color-white col-padding col-padding-small-xs col-md-3\">    <a  class=\"button big force-shadow color-black outline\" href=\"https:\/\/uudenmaantyoterveys.fi\/pyyda-tarjous\" target=\"_self\" data-cp-link=\"1\" data-icon=\"\" rel=\"noopener\">TEE SOPIMUS<\/a><\/div><div  data-type=\"column\" class=\"col-xs-12 col-sm-4 flexcol bg-color-white col-padding col-padding-small-xs col-md-3\">    <a  class=\"button big force-shadow color-black outline\" href=\"https:\/\/uudenmaantyoterveys.fi\/tyoterveyskyselyt\" target=\"_blank\" data-cp-link=\"1\" data-icon=\"\" rel=\"noopener\">TY\u00d6TERVEYSKYSELYT<\/a><\/div><div  data-type=\"column\" class=\"col-xs-12 col-sm-4 flexcol bg-color-white col-padding col-padding-small-xs col-md-3\">    <a  class=\"button big force-shadow color-black outline\" href=\"https:\/\/uudenmaantyoterveys.fi\/varatun-ajan-peruminen\" target=\"_blank\" data-cp-link=\"1\" data-icon=\"\" rel=\"noopener\">VARATUN AJAN PERUMINEN<\/a><\/div><div  data-type=\"column\" class=\"col-xs-12 col-sm-4 flexcol bg-color-white col-padding col-padding-small-xs col-md-3\">    <a  class=\"button big force-shadow color-black outline\" href=\"https:\/\/uudenmaantyoterveys.fi\/yhteydenottolomake\" target=\"_blank\" data-cp-link=\"1\" data-icon=\"\" rel=\"noopener\">PALAUTE<\/a><\/div><div  data-type=\"column\" class=\"col-xs-12 col-sm-4 flexcol bg-color-white col-padding col-padding-small-xs col-md-3\">    <a  class=\"button big force-shadow color-black outline\" href=\"https:\/\/uudenmaantyoterveys.fi\/toimipaikat\" target=\"_blank\" data-cp-link=\"1\" data-icon=\"\" rel=\"noopener\">TOIMIPAIKAT<\/a><\/div><\/div><\/div> <\/div><div  data-label=\"Latest-news\" data-id=\"latest_news--1\" data-export-id=\"blog-section\" data-category=\"latest_news\" class=\"blog-section blog-section-standard content-section content-section-spacing\" id=\"latest_news-1\" style=\"background-color: rgb(255, 255, 255);\"><div  class=\"gridContainer\"><div  data-section-title-area=\"true\" class=\"row text-center\">   <div  class=\"section-title-col\" data-type=\"column\">       <h2  class=\"\">AJANKOHTAISTA<\/h2>          <\/div><\/div>  <div  class=\"row\"> <div  data-type=\"row\" data-dynamic-columns=\"handled\" data-content-shortcode=\"mesmerize_latest_news posts=&quot;3&quot; columns=&quot;4&quot; \">\t\t<div class=\"row center-sm content-left-sm\">\n\t\t\t\t\t<div id=\"post-2650\" class=\"col-sm-6 col-md-4 space-bottom space-bottom-xs\">\n\t\t\t\t<div class=\"post-content card y-move bordered\">\n\t\t\t\t\t    <div class=\"post-thumbnail\">\n        <a href=\"https:\/\/uudenmaantyoterveys.fi\/sv\/tarkea-tiedote-klaukkalan-asiakkaille\/\" class=\"post-list-item-thumb \">\n            <img loading=\"lazy\" decoding=\"async\" width=\"612\" height=\"612\" src=\"https:\/\/uudenmaantyoterveys.fi\/wp-content\/uploads\/2026\/07\/Huomio.jpg\" class=\"attachment-post-thumbnail size-post-thumbnail wp-post-image\" alt=\"Vector exclamation point symbol\" srcset=\"https:\/\/uudenmaantyoterveys.fi\/wp-content\/uploads\/2026\/07\/Huomio.jpg 612w, https:\/\/uudenmaantyoterveys.fi\/wp-content\/uploads\/2026\/07\/Huomio-300x300.jpg 300w, https:\/\/uudenmaantyoterveys.fi\/wp-content\/uploads\/2026\/07\/Huomio-150x150.jpg 150w, https:\/\/uudenmaantyoterveys.fi\/wp-content\/uploads\/2026\/07\/Huomio-12x12.jpg 12w\" sizes=\"auto, (max-width: 612px) 100vw, 612px\" \/>        <\/a>\n    <\/div>\n    \t\t\t\t\t<div class=\"col-padding col-padding-xs\">\n\t\t\t\t\t\t<h3 class=\"post-title space-bottom-small\">\n\t\t\t\t\t\t\t<a href=\"https:\/\/uudenmaantyoterveys.fi\/sv\/tarkea-tiedote-klaukkalan-asiakkaille\/\" rel=\"bookmark\">\n\t\t\t\t\t\t\t\tT\u00e4rke\u00e4 tiedote Klaukkalan asiakkaille\t\t\t\t\t\t\t<\/a>\n\t\t\t\t\t\t<\/h3>\n\t\t\t\t\t\t<p>Klaukkalan toimipaikkamme (Vaskom\u00e4entie 2, 01800 Klaukkala) on suljettuna palovahingon korjaust\u00f6iden vuoksi arviolta ainakin lokakuun alkuun saakka. Siihen saakka keskit\u00e4mme palvelumme Nurmij\u00e4rven alueella osoitteeseen Keskustie 5, 01900 Nurmij\u00e4rvi. Jos t\u00e4m\u00e4 asia[&hellip;]<\/p>\n\t\t\t\t\t\t<a class=\"read-more link\" href=\"https:\/\/uudenmaantyoterveys.fi\/sv\/tarkea-tiedote-klaukkalan-asiakkaille\/\">\n\t\t\t\t\t\t\tRead more\t\t\t\t\t\t<\/a>\n\t\t\t\t\t<\/div>\n\t\t\t\t<\/div>\n\t\t\t<\/div>\n\t\t\t\t\t\t<div id=\"post-2657\" class=\"col-sm-6 col-md-4 space-bottom space-bottom-xs\">\n\t\t\t\t<div class=\"post-content card y-move bordered\">\n\t\t\t\t\t    <div class=\"post-thumbnail\">\n        <a href=\"https:\/\/uudenmaantyoterveys.fi\/sv\/mantsalan-toimipiste-muuttaa-uusiin-tiloihin-3-8-2026\/\" class=\"post-list-item-thumb \">\n            <img loading=\"lazy\" decoding=\"async\" width=\"1024\" height=\"773\" src=\"https:\/\/uudenmaantyoterveys.fi\/wp-content\/uploads\/2026\/07\/Karhukuja1-1024x773.png\" class=\"attachment-post-thumbnail size-post-thumbnail wp-post-image\" alt=\"Karhukuja1\" srcset=\"https:\/\/uudenmaantyoterveys.fi\/wp-content\/uploads\/2026\/07\/Karhukuja1-1024x773.png 1024w, https:\/\/uudenmaantyoterveys.fi\/wp-content\/uploads\/2026\/07\/Karhukuja1-300x227.png 300w, https:\/\/uudenmaantyoterveys.fi\/wp-content\/uploads\/2026\/07\/Karhukuja1-768x580.png 768w, https:\/\/uudenmaantyoterveys.fi\/wp-content\/uploads\/2026\/07\/Karhukuja1-16x12.png 16w, https:\/\/uudenmaantyoterveys.fi\/wp-content\/uploads\/2026\/07\/Karhukuja1.png 1295w\" sizes=\"auto, (max-width: 1024px) 100vw, 1024px\" \/>        <\/a>\n    <\/div>\n    \t\t\t\t\t<div class=\"col-padding col-padding-xs\">\n\t\t\t\t\t\t<h3 class=\"post-title space-bottom-small\">\n\t\t\t\t\t\t\t<a href=\"https:\/\/uudenmaantyoterveys.fi\/sv\/mantsalan-toimipiste-muuttaa-uusiin-tiloihin-3-8-2026\/\" rel=\"bookmark\">\n\t\t\t\t\t\t\t\tM\u00e4nts\u00e4l\u00e4n toimipiste muuttaa uusiin tiloihin 3.8.2026\t\t\t\t\t\t\t<\/a>\n\t\t\t\t\t\t<\/h3>\n\t\t\t\t\t\t<p>Uudenmaan Ty\u00f6terveyden\/Keski-Uudenmaan Ty\u00f6terveyden M\u00e4nts\u00e4l\u00e4n toimipiste muuttaa uusiin tiloihin maanantaina 3.8.2026. Uusi k\u00e4yntiosoite on: Karhukuja 1, II. kerros&nbsp;(vasen ovi)04600 M\u00e4nts\u00e4l\u00e4 Asiakkaiden k\u00e4yt\u00f6ss\u00e4 ovat pys\u00e4k\u00f6intipaikat&nbsp;37\u201342. Palvelemme asiakkaitamme uusissa tiloissa normaalisti&nbsp;3.8.2026 alkaen. Tervetuloa[&hellip;]<\/p>\n\t\t\t\t\t\t<a class=\"read-more link\" href=\"https:\/\/uudenmaantyoterveys.fi\/sv\/mantsalan-toimipiste-muuttaa-uusiin-tiloihin-3-8-2026\/\">\n\t\t\t\t\t\t\tRead more\t\t\t\t\t\t<\/a>\n\t\t\t\t\t<\/div>\n\t\t\t\t<\/div>\n\t\t\t<\/div>\n\t\t\t\t\t\t<div id=\"post-2655\" class=\"col-sm-6 col-md-4 space-bottom space-bottom-xs\">\n\t\t\t\t<div class=\"post-content card y-move bordered\">\n\t\t\t\t\t    <div class=\"post-thumbnail\">\n        <a href=\"https:\/\/uudenmaantyoterveys.fi\/sv\/saihkoisten-kyselyiden-paivityskatko\/\" class=\"post-list-item-thumb \">\n            <img loading=\"lazy\" decoding=\"async\" width=\"414\" height=\"308\" src=\"https:\/\/uudenmaantyoterveys.fi\/wp-content\/uploads\/2024\/08\/toimiso-e1728554092635.jpeg\" class=\"attachment-post-thumbnail size-post-thumbnail wp-post-image\" alt=\"Toimiso\" srcset=\"https:\/\/uudenmaantyoterveys.fi\/wp-content\/uploads\/2024\/08\/toimiso-e1728554092635.jpeg 414w, https:\/\/uudenmaantyoterveys.fi\/wp-content\/uploads\/2024\/08\/toimiso-e1728554092635-300x223.jpeg 300w, https:\/\/uudenmaantyoterveys.fi\/wp-content\/uploads\/2024\/08\/toimiso-e1728554092635-16x12.jpeg 16w\" sizes=\"auto, (max-width: 414px) 100vw, 414px\" \/>        <\/a>\n    <\/div>\n    \t\t\t\t\t<div class=\"col-padding col-padding-xs\">\n\t\t\t\t\t\t<h3 class=\"post-title space-bottom-small\">\n\t\t\t\t\t\t\t<a href=\"https:\/\/uudenmaantyoterveys.fi\/sv\/saihkoisten-kyselyiden-paivityskatko\/\" rel=\"bookmark\">\n\t\t\t\t\t\t\t\tS\u00e4ihk\u00f6isten kyselyiden p\u00e4ivityskatko\t\t\t\t\t\t\t<\/a>\n\t\t\t\t\t\t<\/h3>\n\t\t\t\t\t\t<p>Ty\u00f6terveyskyselyit\u00e4 p\u00e4ivitet\u00e4\u00e4n palveluntuottajan toimesta tiistai 21.7.2026 klo 22.00 \u2013 perjantai 24.7.2026 klo 22.00. Kyselyt eiv\u00e4t ole k\u00e4ytett\u00e4viss\u00e4 p\u00e4ivityksen aikana. Muut UudenmaanOmaty\u00f6terveyden palvelut toimivat normaalisti.<\/p>\n\t\t\t\t\t\t<a class=\"read-more link\" href=\"https:\/\/uudenmaantyoterveys.fi\/sv\/saihkoisten-kyselyiden-paivityskatko\/\">\n\t\t\t\t\t\t\tRead more\t\t\t\t\t\t<\/a>\n\t\t\t\t\t<\/div>\n\t\t\t\t<\/div>\n\t\t\t<\/div>\n\t\t\t\t<\/div>\n\t<\/div><\/div> <div  class=\"row\"><div  class=\"text-center\"> <a  class=\"button color1\" data-attr-shortcode=\"href:mesmerize_blog_link\" href=\"https:\/\/uudenmaantyoterveys.fi\/sv\/?post_type=post\" data-icon=\"\">N\u00e4yt\u00e4 lis\u00e4\u00e4<\/a><\/div> <\/div><\/div><\/div>","protected":false},"excerpt":{"rendered":"<p>5.5.2026 Ty\u00f6ntekij\u00e4n Polku-palvelu nimi on muuttunut ja on jatkossa Uudenmaan OmaTy\u00f6terveys. Palvelun kautta on mahdollista saada my\u00f6s mm. l\u00e4\u00e4k\u00e4rin et\u00e4palveluita. 12.3.2026 Ty\u00f6nantaja voi nyky\u00e4\u00e4n hakea kelakorvauksia my\u00f6s verkkokurssimuotoisista SPR:n ensiapukursseista, kun kurssit on kirjattu ty\u00f6terveyshuollon toimintasuunnitelmaan. 31.7.2026 M\u00e4nts\u00e4l\u00e4n toimipaikkamme on muuttanut. M\u00e4nts\u00e4l\u00e4n toimipaikan uusi osoite 3.8.2026 alkaen on Karhukuja 1, 04600 M\u00e4nts\u00e4l\u00e4, 2. kerros. ASIAKASPALVELU&hellip; <br \/> <a class=\"read-more\" href=\"https:\/\/uudenmaantyoterveys.fi\/sv\/saihkoisten-kyselyiden-paivityskatko\/\">Read more<\/a><\/p>","protected":false},"author":1,"featured_media":0,"parent":0,"menu_order":0,"comment_status":"closed","ping_status":"closed","template":"page-templates\/homepage.php","meta":{"slim_seo":{"title":"S\u00e4ihk\u00f6isten kyselyiden p\u00e4ivityskatko - Uudenmaan Ty&ouml;terveys Oy","description":"Ty\u00f6terveyskyselyit\u00e4 p\u00e4ivitet\u00e4\u00e4n palveluntuottajan toimesta tiistai 21.7.2026 klo 22.00 \u2013 perjantai 24.7.2026 klo 22.00. Kyselyt eiv\u00e4t ole k\u00e4ytett\u00e4viss\u00e4 p\u00e4ivityk"},"footnotes":""},"class_list":["post-116","page","type-page","status-publish","hentry"],"_links":{"self":[{"href":"https:\/\/uudenmaantyoterveys.fi\/sv\/wp-json\/wp\/v2\/pages\/116","targetHints":{"allow":["GET"]}}],"collection":[{"href":"https:\/\/uudenmaantyoterveys.fi\/sv\/wp-json\/wp\/v2\/pages"}],"about":[{"href":"https:\/\/uudenmaantyoterveys.fi\/sv\/wp-json\/wp\/v2\/types\/page"}],"author":[{"embeddable":true,"href":"https:\/\/uudenmaantyoterveys.fi\/sv\/wp-json\/wp\/v2\/users\/1"}],"replies":[{"embeddable":true,"href":"https:\/\/uudenmaantyoterveys.fi\/sv\/wp-json\/wp\/v2\/comments?post=116"}],"version-history":[{"count":181,"href":"https:\/\/uudenmaantyoterveys.fi\/sv\/wp-json\/wp\/v2\/pages\/116\/revisions"}],"predecessor-version":[{"id":2664,"href":"https:\/\/uudenmaantyoterveys.fi\/sv\/wp-json\/wp\/v2\/pages\/116\/revisions\/2664"}],"wp:attachment":[{"href":"https:\/\/uudenmaantyoterveys.fi\/sv\/wp-json\/wp\/v2\/media?parent=116"}],"curies":[{"name":"wp","href":"https:\/\/api.w.org\/{rel}","templated":true}]}}